{"id":1435,"date":"2021-05-03T00:26:30","date_gmt":"2021-05-03T00:26:30","guid":{"rendered":"https:\/\/dev.afd-chile.cl\/?page_id=1435"},"modified":"2021-09-15T21:46:40","modified_gmt":"2021-09-16T01:46:40","slug":"acerca","status":"publish","type":"page","link":"https:\/\/afdamericas.com\/?page_id=1435","title":{"rendered":"Acerca de nosotros"},"content":{"rendered":"<p>[et_pb_section fb_built=\u00bb1&#8243; _builder_version=\u00bb4.7.7&#8243; _module_preset=\u00bbdefault\u00bb background_color=\u00bbrgba(0,0,0,0)\u00bb custom_padding=\u00bb11px|||||\u00bb][et_pb_row _builder_version=\u00bb4.7.7&#8243; _module_preset=\u00bbdefault\u00bb][et_pb_column type=\u00bb4_4&#8243; _builder_version=\u00bb4.7.7&#8243; _module_preset=\u00bbdefault\u00bb][et_pb_text _builder_version=\u00bb4.7.7&#8243; _module_preset=\u00bbdefault\u00bb]<\/p>\n<h2>Qui\u00e9nes somos:<\/h2>\n<p>Somos un grupo de profesionales apasionados por la tecnolog\u00eda, la vida, el movimiento, la educaci\u00f3n, el emprendimiento, y la satisfacci\u00f3n de tener acceso a productos, servicios y educaci\u00f3n en el \u00e1rea de la neuro rehabilitaci\u00f3n f\u00edsica.<\/p>\n<p>Contamos con educaci\u00f3n formal en bioingenier\u00eda, electr\u00f3nica, cl\u00ednica y una trayectoria de m\u00e1s de 20 a\u00f1os de experiencia pr\u00e1ctica en Estados Unidos, Canad\u00e1 y Chile, enfocados en el \u00e1rea de dispositivos m\u00e9dicos, complementados con los aspectos regulatorios del FDA y CE.<\/p>\n<p>Nuestra motivaci\u00f3n est\u00e1 inspirada por profesionales en las diversas \u00e1reas de la rehabilitaci\u00f3n f\u00edsica quienes anhelan brindar las mejores terapias, los mejores dispositivos, las mejores t\u00e9cnicas y educaci\u00f3n a sus pacientes, y al mismo tiempo a personas afectadas por d\u00e9ficits neurol\u00f3gicos.<\/p>\n<h2><\/h2>\n<h2>Historia:<\/h2>\n<p>AFD Americas Inc. y Aparatos Fisiol\u00f3gicos Dur\u00e1n \u2013 Chile SpA (AFD-Chile) tuvo sus inicios dos d\u00e9cadas atr\u00e1s en Vi\u00f1a del Mar, y su inserci\u00f3n fue motivada por la necesidad de facilitar la introducci\u00f3n de tecnolog\u00edas y m\u00e9todos en el \u00e1rea de la neuro rehabilitaci\u00f3n f\u00edsica.<\/p>\n<h2><\/h2>\n<h2>\u00bfQu\u00e9 hacemos?<\/h2>\n<p>Nos enfocamos en la comercializaci\u00f3n de tecnolog\u00edas en el \u00e1rea de la neuro rehabilitaci\u00f3n f\u00edsica, incluyendo dispositivos y aparatos aptos para proveer terapias, m\u00e9todos, y evaluaciones a pacientes afectados por las siguientes patolog\u00edas:<\/p>\n<ul>\n<li>Accidente Cerebrovascular<\/li>\n<li>Da\u00f1o Medular Incompleto<\/li>\n<li>Par\u00e1lisis Cerebral<\/li>\n<li>Parkinson<\/li>\n<li>Traumatismo Encef\u00e1lico<\/li>\n<li>Dolor<\/li>\n<li>D\u00e9ficits Cognitivos<\/li>\n<li>Talleres de formaci\u00f3n<\/li>\n<li>Asesor\u00edas y auditorias<\/li>\n<\/ul>\n<p>\u00a0Adem\u00e1s ofrecemos:<\/p>\n<ul>\n<li>\u00a0Capacitaciones y\u00a0<span style=\"font-size: 14px;\">entrenamiento.<\/span><\/li>\n<li><span style=\"font-size: 14px;\">Consultor\u00eda en la adquisici\u00f3n de dispositivos y aparatos m\u00e9dicos a especialistas en el area de neurorehabilitacion.<\/span><\/li>\n<li><span style=\"font-size: 14px;\">Asesoria y auditorias a clinicas especializadas en estas areas para la implementacion de nuevas tecnologias<\/span><\/li>\n<li>Implementacion de Turismo Medico organizando una clinica de Neurorehabilitacion para atender pacientes provenientes de Argentina, Ecuador y Peru.<\/li>\n<\/ul>\n<p>&nbsp;<\/p>\n<h3><strong>AFD-Chile est\u00e1 en Mercado P\u00fablico<\/strong><\/h3>\n<p>&nbsp;<\/p>\n<p><img loading=\"lazy\" decoding=\"async\" src=\"https:\/\/afdamericas.com\/wp-content\/uploads\/2021\/05\/logo-chilecompra-original-300x66.png\" alt=\"\" class=\"wp-image-1438 alignnone size-medium\" width=\"300\" height=\"66\" \/><\/p>\n<p>[\/et_pb_text][\/et_pb_column][\/et_pb_row][\/et_pb_section][et_pb_section fb_built=\u00bb1&#8243; _builder_version=\u00bb4.7.7&#8243; _module_preset=\u00bbdefault\u00bb min_height=\u00bb202px\u00bb custom_margin=\u00bb43px|||||\u00bb][et_pb_row _builder_version=\u00bb4.7.7&#8243; _module_preset=\u00bbdefault\u00bb min_height=\u00bb116px\u00bb][et_pb_column type=\u00bb4_4&#8243; _builder_version=\u00bb4.7.7&#8243; _module_preset=\u00bbdefault\u00bb][et_pb_text _builder_version=\u00bb4.7.7&#8243; _module_preset=\u00bbdefault\u00bb text_font=\u00bb|600|||||||\u00bb text_text_color=\u00bb#000000&#8243; text_line_height=\u00bb1.5em\u00bb transform_scale=\u00bb102%|102%\u00bb custom_margin=\u00bb-58px||||false|false\u00bb]<\/p>\n<p style=\"text-align: center;\"><span style=\"color: #00ccff;\"><strong>Certifiacaciones y Congresos en Neurorehabilitacion<\/strong><\/span><\/p>\n<p>Cursos de entrenamiento y certificacion en technologias en el area de neurorehabilitacion, coon el reconocimientos y apoyo de las companias proveedoras de technologias.<\/p>\n<p>Congresos con la participacion de eminencias internacionales en el area, provenientes de Canada, USA, America del Norte y Sur.<\/p>\n<p>[\/et_pb_text][\/et_pb_column][\/et_pb_row][\/et_pb_section][et_pb_section fb_built=\u00bb1&#8243; _builder_version=\u00bb4.7.7&#8243; _module_preset=\u00bbdefault\u00bb min_height=\u00bb597.2px\u00bb custom_margin=\u00bb-123px||||false|false\u00bb][et_pb_row column_structure=\u00bb1_3,1_3,1_3&#8243; _builder_version=\u00bb4.7.7&#8243; _module_preset=\u00bbdefault\u00bb min_height=\u00bb462.2px\u00bb][et_pb_column type=\u00bb1_3&#8243; _builder_version=\u00bb4.7.7&#8243; _module_preset=\u00bbdefault\u00bb][et_pb_image src=\u00bbhttps:\/\/afdamericas.com\/wp-content\/uploads\/2021\/09\/20200110_162818-scaled.jpg\u00bb title_text=\u00bb20200110_162818&#8243; _builder_version=\u00bb4.7.7&#8243; _module_preset=\u00bbdefault\u00bb][\/et_pb_image][\/et_pb_column][et_pb_column type=\u00bb1_3&#8243; _builder_version=\u00bb4.7.7&#8243; _module_preset=\u00bbdefault\u00bb][et_pb_image src=\u00bbhttps:\/\/afdamericas.com\/wp-content\/uploads\/2021\/09\/20200110_162809-scaled.jpg\u00bb title_text=\u00bb20200110_162809&#8243; _builder_version=\u00bb4.7.7&#8243; _module_preset=\u00bbdefault\u00bb][\/et_pb_image][\/et_pb_column][et_pb_column type=\u00bb1_3&#8243; _builder_version=\u00bb4.7.7&#8243; _module_preset=\u00bbdefault\u00bb][et_pb_image src=\u00bbhttps:\/\/afdamericas.com\/wp-content\/uploads\/2021\/09\/20200110_162802.jpg\u00bb title_text=\u00bb20200110_162802&#8243; _builder_version=\u00bb4.7.7&#8243; _module_preset=\u00bbdefault\u00bb][\/et_pb_image][\/et_pb_column][\/et_pb_row][\/et_pb_section][et_pb_section fb_built=\u00bb1&#8243; _builder_version=\u00bb4.7.7&#8243; _module_preset=\u00bbdefault\u00bb min_height=\u00bb144px\u00bb custom_margin=\u00bb-131px||||false|false\u00bb][et_pb_row _builder_version=\u00bb4.7.7&#8243; _module_preset=\u00bbdefault\u00bb][et_pb_column type=\u00bb4_4&#8243; _builder_version=\u00bb4.7.7&#8243; _module_preset=\u00bbdefault\u00bb][et_pb_text _builder_version=\u00bb4.7.7&#8243; _module_preset=\u00bbdefault\u00bb]<\/p>\n<p style=\"text-align: center;\"><span style=\"color: #00ccff;\"><strong>Clinica de Evaluacion y Terapia<\/strong><\/span><\/p>\n<p style=\"text-align: left;\"><strong>La incorporacion de una clinica que funciona para atender pacientes locales y para turismo medico, localizada en Santiago-Chile.<\/strong><\/p>\n<p>[\/et_pb_text][\/et_pb_column][\/et_pb_row][\/et_pb_section][et_pb_section fb_built=\u00bb1&#8243; _builder_version=\u00bb4.7.7&#8243; _module_preset=\u00bbdefault\u00bb min_height=\u00bb643.2px\u00bb custom_margin=\u00bb-108px||||false|false\u00bb][et_pb_row column_structure=\u00bb1_3,1_3,1_3&#8243; _builder_version=\u00bb4.7.7&#8243; _module_preset=\u00bbdefault\u00bb][et_pb_column type=\u00bb1_3&#8243; _builder_version=\u00bb4.7.7&#8243; _module_preset=\u00bbdefault\u00bb][et_pb_image src=\u00bbhttps:\/\/afdamericas.com\/wp-content\/uploads\/2021\/09\/20200113_203204-scaled.jpg\u00bb title_text=\u00bb20200113_203204&#8243; _builder_version=\u00bb4.7.7&#8243; _module_preset=\u00bbdefault\u00bb][\/et_pb_image][\/et_pb_column][et_pb_column type=\u00bb1_3&#8243; _builder_version=\u00bb4.7.7&#8243; _module_preset=\u00bbdefault\u00bb][et_pb_image src=\u00bbhttps:\/\/afdamericas.com\/wp-content\/uploads\/2021\/09\/20200113_203213-scaled.jpg\u00bb title_text=\u00bb20200113_203213&#8243; _builder_version=\u00bb4.7.7&#8243; _module_preset=\u00bbdefault\u00bb][\/et_pb_image][\/et_pb_column][et_pb_column type=\u00bb1_3&#8243; _builder_version=\u00bb4.7.7&#8243; _module_preset=\u00bbdefault\u00bb][et_pb_image src=\u00bbhttps:\/\/afdamericas.com\/wp-content\/uploads\/2021\/09\/20200113_213834-scaled.jpg\u00bb title_text=\u00bb20200113_213834&#8243; _builder_version=\u00bb4.7.7&#8243; _module_preset=\u00bbdefault\u00bb][\/et_pb_image][\/et_pb_column][\/et_pb_row][et_pb_row _builder_version=\u00bb4.7.7&#8243; _module_preset=\u00bbdefault\u00bb][et_pb_column type=\u00bb4_4&#8243; _builder_version=\u00bb4.7.7&#8243; _module_preset=\u00bbdefault\u00bb][et_pb_text _builder_version=\u00bb4.7.7&#8243; _module_preset=\u00bbdefault\u00bb hover_enabled=\u00bb0&#8243; sticky_enabled=\u00bb0&#8243;]<\/p>\n<p style=\"text-align: center;\"><strong><span style=\"color: #00ccff;\">\u00a0Evaluacion, tratamiento, Evaluacion(E.T.E.T)<\/span><\/strong><\/p>\n<p style=\"text-align: left;\">Nuestro trabajo esta basado en este principio utilizando technologia de punta donde cada terapia comienza con una evaluacion utilizando nuestro laboratorio de marcha, esto nos permite hacer un seguimiento de progreso durante todo el tratamiento.<\/p>\n<p style=\"text-align: left;\">Nuestro laboratorio de marcha nos permite detectar Parkinson en sus comienzos, traumatismos en deportistas, y a la vez poder hacer correciones en tiempo real en las terapias programadas.<\/p>\n<p style=\"text-align: left;\">Por ejemplo casos como Parkinson o Ataxia utilizando el metodo ETET podemos medir los efectos de Craneal electrical Neuroestimulacion en estos pacientes.<\/p>\n<p>[\/et_pb_text][\/et_pb_column][\/et_pb_row][et_pb_row _builder_version=\u00bb4.7.7&#8243; _module_preset=\u00bbdefault\u00bb column_structure=\u00bb1_4,1_4,1_4,1_4&#8243;][et_pb_column _builder_version=\u00bb4.7.7&#8243; _module_preset=\u00bbdefault\u00bb type=\u00bb1_4&#8243;][et_pb_image src=\u00bbhttps:\/\/afdamericas.com\/wp-content\/uploads\/2021\/09\/20171125_120528-scaled.jpg\u00bb _builder_version=\u00bb4.7.7&#8243; _module_preset=\u00bbdefault\u00bb title_text=\u00bb20171125_120528&#8243; hover_enabled=\u00bb0&#8243; sticky_enabled=\u00bb0&#8243;][\/et_pb_image][\/et_pb_column][et_pb_column _builder_version=\u00bb4.7.7&#8243; _module_preset=\u00bbdefault\u00bb type=\u00bb1_4&#8243;][et_pb_image src=\u00bbhttps:\/\/afdamericas.com\/wp-content\/uploads\/2021\/09\/20171125_131853-scaled.jpg\u00bb _builder_version=\u00bb4.7.7&#8243; _module_preset=\u00bbdefault\u00bb title_text=\u00bb20171125_131853&#8243; hover_enabled=\u00bb0&#8243; sticky_enabled=\u00bb0&#8243;][\/et_pb_image][\/et_pb_column][et_pb_column _builder_version=\u00bb4.7.7&#8243; _module_preset=\u00bbdefault\u00bb type=\u00bb1_4&#8243;][et_pb_image src=\u00bbhttps:\/\/afdamericas.com\/wp-content\/uploads\/2021\/09\/20171125_120540-scaled.jpg\u00bb _builder_version=\u00bb4.7.7&#8243; _module_preset=\u00bbdefault\u00bb title_text=\u00bb20171125_120540&#8243; hover_enabled=\u00bb0&#8243; sticky_enabled=\u00bb0&#8243;][\/et_pb_image][\/et_pb_column][et_pb_column _builder_version=\u00bb4.7.7&#8243; _module_preset=\u00bbdefault\u00bb type=\u00bb1_4&#8243;][et_pb_image src=\u00bbhttps:\/\/afdamericas.com\/wp-content\/uploads\/2021\/09\/20171125_121800.jpg\u00bb _builder_version=\u00bb4.7.7&#8243; _module_preset=\u00bbdefault\u00bb title_text=\u00bb20171125_121800&#8243; hover_enabled=\u00bb0&#8243; sticky_enabled=\u00bb0&#8243;][\/et_pb_image][\/et_pb_column][\/et_pb_row][\/et_pb_section]<\/p>\n","protected":false},"excerpt":{"rendered":"<p>[et_pb_section fb_built=\u00bb1&#8243; _builder_version=\u00bb4.7.7&#8243; _module_preset=\u00bbdefault\u00bb background_color=\u00bbrgba(0,0,0,0)\u00bb custom_padding=\u00bb11px|||||\u00bb][et_pb_row _builder_version=\u00bb4.7.7&#8243; _module_preset=\u00bbdefault\u00bb][et_pb_column type=\u00bb4_4&#8243; _builder_version=\u00bb4.7.7&#8243; _module_preset=\u00bbdefault\u00bb][et_pb_text _builder_version=\u00bb4.7.7&#8243; _module_preset=\u00bbdefault\u00bb] Qui\u00e9nes somos: Somos un grupo de profesionales apasionados por la tecnolog\u00eda, la vida, el movimiento, la educaci\u00f3n, el emprendimiento, y la satisfacci\u00f3n de tener acceso a productos, servicios y educaci\u00f3n en el \u00e1rea de la neuro rehabilitaci\u00f3n f\u00edsica. Contamos con educaci\u00f3n formal [&hellip;]<\/p>\n","protected":false},"author":3,"featured_media":2230,"parent":0,"menu_order":0,"comment_status":"closed","ping_status":"closed","template":"","meta":{"_et_pb_use_builder":"on","_et_pb_old_content":"","_et_gb_content_width":"","footnotes":""},"class_list":["post-1435","page","type-page","status-publish","has-post-thumbnail","hentry"],"_links":{"self":[{"href":"https:\/\/afdamericas.com\/index.php?rest_route=\/wp\/v2\/pages\/1435","targetHints":{"allow":["GET"]}}],"collection":[{"href":"https:\/\/afdamericas.com\/index.php?rest_route=\/wp\/v2\/pages"}],"about":[{"href":"https:\/\/afdamericas.com\/index.php?rest_route=\/wp\/v2\/types\/page"}],"author":[{"embeddable":true,"href":"https:\/\/afdamericas.com\/index.php?rest_route=\/wp\/v2\/users\/3"}],"replies":[{"embeddable":true,"href":"https:\/\/afdamericas.com\/index.php?rest_route=%2Fwp%2Fv2%2Fcomments&post=1435"}],"version-history":[{"count":12,"href":"https:\/\/afdamericas.com\/index.php?rest_route=\/wp\/v2\/pages\/1435\/revisions"}],"predecessor-version":[{"id":2257,"href":"https:\/\/afdamericas.com\/index.php?rest_route=\/wp\/v2\/pages\/1435\/revisions\/2257"}],"wp:featuredmedia":[{"embeddable":true,"href":"https:\/\/afdamericas.com\/index.php?rest_route=\/wp\/v2\/media\/2230"}],"wp:attachment":[{"href":"https:\/\/afdamericas.com\/index.php?rest_route=%2Fwp%2Fv2%2Fmedia&parent=1435"}],"curies":[{"name":"wp","href":"https:\/\/api.w.org\/{rel}","templated":true}]}}